{"id":257,"date":"2020-10-20T14:54:27","date_gmt":"2020-10-20T12:54:27","guid":{"rendered":"https:\/\/www.inderach.com\/?page_id=257"},"modified":"2021-08-18T16:57:05","modified_gmt":"2021-08-18T14:57:05","slug":"som-inderach","status":"publish","type":"page","link":"https:\/\/www.inderach.com\/cast\/som-inderach\/","title":{"rendered":"Somos Inderach"},"content":{"rendered":"\n<div class=\"wp-block-media-text alignwide is-stacked-on-mobile\" style=\"grid-template-columns:38% auto\"><figure class=\"wp-block-media-text__media\"><img loading=\"lazy\" decoding=\"async\" width=\"1024\" height=\"936\" src=\"https:\/\/www.inderach.com\/wp-content\/uploads\/2020\/06\/FamiliaTorres4-1024x936.jpg\" alt=\"\" class=\"wp-image-126 size-full\" srcset=\"https:\/\/www.inderach.com\/wp-content\/uploads\/2020\/06\/FamiliaTorres4-1024x936.jpg 1024w, https:\/\/www.inderach.com\/wp-content\/uploads\/2020\/06\/FamiliaTorres4-300x274.jpg 300w, https:\/\/www.inderach.com\/wp-content\/uploads\/2020\/06\/FamiliaTorres4-768x702.jpg 768w, https:\/\/www.inderach.com\/wp-content\/uploads\/2020\/06\/FamiliaTorres4-1200x1097.jpg 1200w, https:\/\/www.inderach.com\/wp-content\/uploads\/2020\/06\/FamiliaTorres4.jpg 1282w\" sizes=\"auto, (max-width: 1024px) 100vw, 1024px\" \/><\/figure><div class=\"wp-block-media-text__content\">\n<h4 class=\"wp-block-heading\">Inderach fue fundada en 1992 siguiendo una larga tradici\u00f3n familiar en la cocci\u00f3n de legumbres, de m\u00e1s de 100 a\u00f1os.<\/h4>\n\n\n\n<p>La empresa fue creada para satisfacer un segmento de mercado a partir de un nuevo producto. Legumbres cocidas de forma natural, escurridas y termoenvasadas de forma natural, ofreciendo numerosos beneficios a los clientes en comparaci\u00f3n con otras formas de almacenamiento de legumbres envasadas.<\/p>\n\n\n\n<p>En 1994, el Sr. Francesc Torres compra el 60% de las acciones de Inderach SL para hacerse cargo de la gesti\u00f3n comercial y administrativa de la compa\u00f1\u00eda.<\/p>\n\n\n\n<p>En 1995 se adquiere una m\u00e1quina para innovar en la presentaci\u00f3n y durabilidad del producto, lo que alargar\u00eda la vida \u00fatil de las legumbres hasta 3 meses gracias al embalaje en atm\u00f3sfera modificada.<\/p>\n<\/div><\/div>\n\n\n\n<div class=\"wp-block-media-text alignwide is-stacked-on-mobile\" style=\"grid-template-columns:38% auto\"><figure class=\"wp-block-media-text__media\"><img loading=\"lazy\" decoding=\"async\" width=\"882\" height=\"1024\" src=\"https:\/\/www.inderach.com\/wp-content\/uploads\/2020\/06\/MireiaTorres-882x1024.jpg\" alt=\"\" class=\"wp-image-136 size-full\" srcset=\"https:\/\/www.inderach.com\/wp-content\/uploads\/2020\/06\/MireiaTorres-882x1024.jpg 882w, https:\/\/www.inderach.com\/wp-content\/uploads\/2020\/06\/MireiaTorres-258x300.jpg 258w, https:\/\/www.inderach.com\/wp-content\/uploads\/2020\/06\/MireiaTorres-768x892.jpg 768w, https:\/\/www.inderach.com\/wp-content\/uploads\/2020\/06\/MireiaTorres-1323x1536.jpg 1323w, https:\/\/www.inderach.com\/wp-content\/uploads\/2020\/06\/MireiaTorres-1200x1393.jpg 1200w, https:\/\/www.inderach.com\/wp-content\/uploads\/2020\/06\/MireiaTorres.jpg 1378w\" sizes=\"auto, (max-width: 882px) 100vw, 882px\" \/><\/figure><div class=\"wp-block-media-text__content\">\n<p>Debido a las necesidades del mercado, en 2000 Inderach lanza una nueva l\u00ednea de productos de legumbres congeladas, que complementa su actividad principal y le permite llegar a un \u00e1mbito mayor de clientes.<\/p>\n\n\n\n<p>En 2012, Inderach es 100% propiedad de la pr\u00f3xima generaci\u00f3n de los hermanos Torres; siendo Mireia Torres quien lidera la direcci\u00f3n de la compa\u00f1\u00eda.<\/p>\n\n\n\n<p>Actualmente, cuenta con un peque\u00f1o equipo de trabajadores que, con la ayuda de la tecnolog\u00eda, pueden ofrecer un producto competitivo y de alta calidad sin sacrificar la producci\u00f3n tradicional, como hicieron nuestras abuelas.<\/p>\n\n\n\n<p>La entrada a los clientes que necesitaban un gran volumen de legumbres, hace desplegar la l\u00ednea de legumbres congeladas que no tiene aditivos, sin una generaci\u00f3n de residuos pl\u00e1sticos y facilitando el trabajo de los cocineros dedicando sus horas en la cocci\u00f3n de valor a\u00f1adido en lugar de la legumbre.<\/p>\n\n\n\n<p>En 2020, Inderach desarrolla un nuevo rumbo de negocio adapt\u00e1ndose a las nuevas necesidades del mercado y a las tendencias de la industria, certificando tres productos (lentejas, jud\u00edas y garbanzos) en formato refrigerado y congelado como producto ecol\u00f3gico. Una nueva l\u00ednea de mercado m\u00e1s sostenible con el mundo y responsable con el medio ambiente y la tierra.<\/p>\n<\/div><\/div>\n\n\n\n<div class=\"wp-block-media-text alignwide is-stacked-on-mobile\" style=\"grid-template-columns:33% auto\"><figure class=\"wp-block-media-text__media\"><img loading=\"lazy\" decoding=\"async\" width=\"1024\" height=\"515\" src=\"https:\/\/www.inderach.com\/wp-content\/uploads\/2021\/08\/CCPEA_EU-06-1024x515.jpg\" alt=\"\" class=\"wp-image-1515 size-full\" srcset=\"https:\/\/www.inderach.com\/wp-content\/uploads\/2021\/08\/CCPEA_EU-06-1024x515.jpg 1024w, https:\/\/www.inderach.com\/wp-content\/uploads\/2021\/08\/CCPEA_EU-06-300x151.jpg 300w, https:\/\/www.inderach.com\/wp-content\/uploads\/2021\/08\/CCPEA_EU-06-768x386.jpg 768w, https:\/\/www.inderach.com\/wp-content\/uploads\/2021\/08\/CCPEA_EU-06-1536x772.jpg 1536w, https:\/\/www.inderach.com\/wp-content\/uploads\/2021\/08\/CCPEA_EU-06-2048x1030.jpg 2048w, https:\/\/www.inderach.com\/wp-content\/uploads\/2021\/08\/CCPEA_EU-06-2000x1006.jpg 2000w, https:\/\/www.inderach.com\/wp-content\/uploads\/2021\/08\/CCPEA_EU-06-1200x603.jpg 1200w, https:\/\/www.inderach.com\/wp-content\/uploads\/2021\/08\/CCPEA_EU-06-1980x996.jpg 1980w\" sizes=\"auto, (max-width: 1024px) 100vw, 1024px\" \/><\/figure><div class=\"wp-block-media-text__content\">\n<p class=\"has-normal-font-size\"><\/p>\n\n\n\n<h6 class=\"wp-block-heading\"><em>Nuestras legumbres ecol\u00f3gicas de garbanzos, lentejas y jud\u00edas est\u00e1n certificadas por el Consejo Catal\u00e1n para la producci\u00f3n agr\u00edcola como producto ecol\u00f3gico.<\/em><\/h6>\n<\/div><\/div>\n\n\n\n<div class=\"wp-block-media-text alignwide is-stacked-on-mobile\" style=\"grid-template-columns:19% auto\"><figure class=\"wp-block-media-text__media\"><img loading=\"lazy\" decoding=\"async\" width=\"110\" height=\"165\" src=\"https:\/\/www.inderach.com\/wp-content\/uploads\/2021\/08\/NQA-FSSC-22000-Logo.jpg\" alt=\"\" class=\"wp-image-1511 size-full\"\/><\/figure><div class=\"wp-block-media-text__content\">\n<p class=\"has-normal-font-size\"><\/p>\n\n\n\n<h6 class=\"wp-block-heading\"><em><em>Nuestro proceso de producci\u00f3n, almacenamiento, distribuci\u00f3n y envasado de legumbres y arroz refrigerado y congelado en bandejas y bolsas de pl\u00e1stico termoformadas est\u00e1 certificado por la ISO 22000.<\/em><\/em><\/h6>\n<\/div><\/div>\n\n\n\n<div class=\"wp-block-media-text alignwide is-stacked-on-mobile\" style=\"grid-template-columns:19% auto\"><figure class=\"wp-block-media-text__media\"><img loading=\"lazy\" decoding=\"async\" width=\"823\" height=\"1024\" src=\"https:\/\/www.inderach.com\/wp-content\/uploads\/2020\/07\/VEGAN-LOGO-823x1024.png\" alt=\"\" class=\"wp-image-205 size-full\" srcset=\"https:\/\/www.inderach.com\/wp-content\/uploads\/2020\/07\/VEGAN-LOGO-823x1024.png 823w, https:\/\/www.inderach.com\/wp-content\/uploads\/2020\/07\/VEGAN-LOGO-241x300.png 241w, https:\/\/www.inderach.com\/wp-content\/uploads\/2020\/07\/VEGAN-LOGO-768x956.png 768w, https:\/\/www.inderach.com\/wp-content\/uploads\/2020\/07\/VEGAN-LOGO-1234x1536.png 1234w, https:\/\/www.inderach.com\/wp-content\/uploads\/2020\/07\/VEGAN-LOGO-1646x2048.png 1646w, https:\/\/www.inderach.com\/wp-content\/uploads\/2020\/07\/VEGAN-LOGO-1200x1494.png 1200w, https:\/\/www.inderach.com\/wp-content\/uploads\/2020\/07\/VEGAN-LOGO.png 1754w\" sizes=\"auto, (max-width: 823px) 100vw, 823px\" \/><\/figure><div class=\"wp-block-media-text__content\">\n<p class=\"has-normal-font-size\"><\/p>\n\n\n\n<h6 class=\"wp-block-heading\"><em><em><em>Todas nuestras legumbres est\u00e1n certificadas por V-LABEL como legumbres adecuadas para vegetarianos y veganos. Un sello de calidad reconocido internacionalmente y que promueve la transparencia y claridad para este grupo.<\/em><\/em><\/em><\/h6>\n<\/div><\/div>\n\n\n\n<p><\/p>\n","protected":false},"excerpt":{"rendered":"<p>Inderach fue fundada en 1992 siguiendo una larga tradici\u00f3n familiar en la cocci\u00f3n de legumbres, de m\u00e1s de 100 a\u00f1os. La empresa fue creada para satisfacer un segmento de mercado a partir de un nuevo producto. Legumbres cocidas de forma natural, escurridas y termoenvasadas de forma natural, ofreciendo numerosos beneficios a los clientes en comparaci\u00f3n [&hellip;]<\/p>\n","protected":false},"author":1,"featured_media":0,"parent":0,"menu_order":0,"comment_status":"closed","ping_status":"closed","template":"","meta":{"_monsterinsights_skip_tracking":false,"_monsterinsights_sitenote_active":false,"_monsterinsights_sitenote_note":"","_monsterinsights_sitenote_category":0,"footnotes":""},"class_list":["post-257","page","type-page","status-publish","hentry"],"_links":{"self":[{"href":"https:\/\/www.inderach.com\/cast\/wp-json\/wp\/v2\/pages\/257","targetHints":{"allow":["GET"]}}],"collection":[{"href":"https:\/\/www.inderach.com\/cast\/wp-json\/wp\/v2\/pages"}],"about":[{"href":"https:\/\/www.inderach.com\/cast\/wp-json\/wp\/v2\/types\/page"}],"author":[{"embeddable":true,"href":"https:\/\/www.inderach.com\/cast\/wp-json\/wp\/v2\/users\/1"}],"replies":[{"embeddable":true,"href":"https:\/\/www.inderach.com\/cast\/wp-json\/wp\/v2\/comments?post=257"}],"version-history":[{"count":12,"href":"https:\/\/www.inderach.com\/cast\/wp-json\/wp\/v2\/pages\/257\/revisions"}],"predecessor-version":[{"id":1517,"href":"https:\/\/www.inderach.com\/cast\/wp-json\/wp\/v2\/pages\/257\/revisions\/1517"}],"wp:attachment":[{"href":"https:\/\/www.inderach.com\/cast\/wp-json\/wp\/v2\/media?parent=257"}],"curies":[{"name":"wp","href":"https:\/\/api.w.org\/{rel}","templated":true}]}}